{"id":273,"date":"2017-06-14T12:40:32","date_gmt":"2017-06-14T10:40:32","guid":{"rendered":"http:\/\/localhost\/wordpress\/?page_id=273"},"modified":"2017-08-05T04:13:37","modified_gmt":"2017-08-05T02:13:37","slug":"mobility-and-transport-sustainable","status":"publish","type":"page","link":"http:\/\/www.edenwaygroup.com\/fr\/home\/services\/mobility-and-transport-sustainable\/","title":{"rendered":"Mobilit\u00e9 et transport durable"},"content":{"rendered":"<p>[et_pb_section bb_built=\u00a0\u00bb1&Prime; admin_label=\u00a0\u00bbSection\u00a0\u00bb background_color=\u00a0\u00bb#0c5d35&Prime; custom_padding=\u00a0\u00bb8px|0px|4px|0px\u00a0\u00bb _builder_version=\u00a0\u00bb3.0.51&Prime;][et_pb_row admin_label=\u00a0\u00bbLigne\u00a0\u00bb _builder_version=\u00a0\u00bb3.0.47&Prime; background_size=\u00a0\u00bbinitial\u00a0\u00bb background_position=\u00a0\u00bbtop_left\u00a0\u00bb background_repeat=\u00a0\u00bbrepeat\u00a0\u00bb][et_pb_column type=\u00a0\u00bb4_4&Prime;][et_pb_text admin_label=\u00a0\u00bbTexte\u00a0\u00bb _builder_version=\u00a0\u00bb3.0.51&Prime;]<\/p>\n<h2 style=\"text-align: center;\"><span style=\"color: #ffffff;\">MOBILIT\u00c9 ET TRANSPORT DURABLE<\/span><\/h2>\n<p>[\/et_pb_text][\/et_pb_column][\/et_pb_row][\/et_pb_section][et_pb_section bb_built=\u00a0\u00bb1&Prime; admin_label=\u00a0\u00bbsection\u00a0\u00bb custom_padding=\u00a0\u00bb46px|0px|0px|0px\u00a0\u00bb _builder_version=\u00a0\u00bb3.0.47&Prime;][et_pb_row admin_label=\u00a0\u00bbrow\u00a0\u00bb _builder_version=\u00a0\u00bb3.0.51&Prime;][et_pb_column type=\u00a0\u00bb4_4&Prime;][et_pb_text admin_label=\u00a0\u00bbTexte\u00a0\u00bb _builder_version=\u00a0\u00bb3.0.51&Prime;]<\/p>\n<h2><span style=\"color: #0c5d35;\">Eden<\/span><span style=\"color: #eb8b2d;\">way<\/span> agit en catalyseur et support technique dans la d\u00e9finition et mise en \u0153uvre de projets visant \u00e0 d\u00e9velopper la mobilit\u00e9 durable, et notamment via :<\/h2>\n<p>[\/et_pb_text][\/et_pb_column][\/et_pb_row][\/et_pb_section][et_pb_section bb_built=\u00a0\u00bb1&Prime; admin_label=\u00a0\u00bbsection\u00a0\u00bb custom_padding=\u00a0\u00bb54px|0px|50px|0px\u00a0\u00bb _builder_version=\u00a0\u00bb3.0.51&Prime;][et_pb_row admin_label=\u00a0\u00bbrow\u00a0\u00bb _builder_version=\u00a0\u00bb3.0.51&Prime;][et_pb_column type=\u00a0\u00bb1_4&Prime;][et_pb_blurb admin_label=\u00a0\u00bbR\u00e9sum\u00e9\u00a0\u00bb icon_color=\u00a0\u00bb#085b38&Prime; image=\u00a0\u00bbhttp:\/\/www.edenwaygroup.com\/wp-content\/uploads\/2017\/07\/group.png\u00a0\u00bb max_width=\u00a0\u00bb100px\u00a0\u00bb _builder_version=\u00a0\u00bb3.0.51&Prime; inline_fonts=\u00a0\u00bbUbuntu\u00a0\u00bb url_new_window=\u00a0\u00bboff\u00a0\u00bb use_icon=\u00a0\u00bboff\u00a0\u00bb use_circle=\u00a0\u00bboff\u00a0\u00bb use_circle_border=\u00a0\u00bboff\u00a0\u00bb icon_placement=\u00a0\u00bbtop\u00a0\u00bb use_icon_font_size=\u00a0\u00bboff\u00a0\u00bb background_layout=\u00a0\u00bblight\u00a0\u00bb border_style=\u00a0\u00bbsolid\u00a0\u00bb animation=\u00a0\u00bbtop\u00a0\u00bb]<\/p>\n<p style=\"text-align: center;\">D\u00e9finition et coordination de plateformes publiques-priv\u00e9es pour le d\u00e9ploiement et l\u2019appui de nouvelles mobilit\u00e9s<\/p>\n<p>[\/et_pb_blurb][\/et_pb_column][et_pb_column type=\u00a0\u00bb1_4&Prime;][et_pb_blurb admin_label=\u00a0\u00bbR\u00e9sum\u00e9\u00a0\u00bb icon_color=\u00a0\u00bb#085b38&Prime; image=\u00a0\u00bbhttp:\/\/www.edenwaygroup.com\/wp-content\/uploads\/2017\/07\/sprout2.png\u00a0\u00bb max_width=\u00a0\u00bb100px\u00a0\u00bb _builder_version=\u00a0\u00bb3.0.51&Prime; inline_fonts=\u00a0\u00bbUbuntu\u00a0\u00bb url_new_window=\u00a0\u00bboff\u00a0\u00bb use_icon=\u00a0\u00bboff\u00a0\u00bb use_circle=\u00a0\u00bboff\u00a0\u00bb use_circle_border=\u00a0\u00bboff\u00a0\u00bb icon_placement=\u00a0\u00bbtop\u00a0\u00bb use_icon_font_size=\u00a0\u00bboff\u00a0\u00bb background_layout=\u00a0\u00bblight\u00a0\u00bb border_style=\u00a0\u00bbsolid\u00a0\u00bb animation=\u00a0\u00bbtop\u00a0\u00bb]<\/p>\n<p style=\"text-align: center;\">Incubation, et collaboration avec des startups<\/p>\n<p>[\/et_pb_blurb][\/et_pb_column][et_pb_column type=\u00a0\u00bb1_4&Prime;][et_pb_blurb admin_label=\u00a0\u00bbR\u00e9sum\u00e9\u00a0\u00bb icon_color=\u00a0\u00bb#085b38&Prime; image=\u00a0\u00bbhttp:\/\/www.edenwaygroup.com\/wp-content\/uploads\/2017\/07\/strategy.png\u00a0\u00bb max_width=\u00a0\u00bb60px\u00a0\u00bb _builder_version=\u00a0\u00bb3.0.51&Prime; inline_fonts=\u00a0\u00bbUbuntu\u00a0\u00bb url_new_window=\u00a0\u00bboff\u00a0\u00bb use_icon=\u00a0\u00bboff\u00a0\u00bb use_circle=\u00a0\u00bboff\u00a0\u00bb use_circle_border=\u00a0\u00bboff\u00a0\u00bb icon_placement=\u00a0\u00bbtop\u00a0\u00bb use_icon_font_size=\u00a0\u00bboff\u00a0\u00bb background_layout=\u00a0\u00bblight\u00a0\u00bb border_style=\u00a0\u00bbsolid\u00a0\u00bb animation=\u00a0\u00bbtop\u00a0\u00bb]<\/p>\n<p style=\"text-align: center;\">D\u00e9finition de strat\u00e9gies de nouvelles mobilit\u00e9s pour les entreprises et territoires<\/p>\n<p>[\/et_pb_blurb][\/et_pb_column][et_pb_column type=\u00a0\u00bb1_4&Prime;][et_pb_blurb admin_label=\u00a0\u00bbR\u00e9sum\u00e9\u00a0\u00bb icon_color=\u00a0\u00bb#085b38&Prime; image=\u00a0\u00bbhttp:\/\/www.edenwaygroup.com\/wp-content\/uploads\/2017\/07\/renewable-energy.png\u00a0\u00bb max_width=\u00a0\u00bb85px\u00a0\u00bb _builder_version=\u00a0\u00bb3.0.51&Prime; inline_fonts=\u00a0\u00bbUbuntu\u00a0\u00bb url_new_window=\u00a0\u00bboff\u00a0\u00bb use_icon=\u00a0\u00bboff\u00a0\u00bb use_circle=\u00a0\u00bboff\u00a0\u00bb use_circle_border=\u00a0\u00bboff\u00a0\u00bb icon_placement=\u00a0\u00bbtop\u00a0\u00bb use_icon_font_size=\u00a0\u00bboff\u00a0\u00bb background_layout=\u00a0\u00bblight\u00a0\u00bb border_style=\u00a0\u00bbsolid\u00a0\u00bb animation=\u00a0\u00bbtop\u00a0\u00bb]<\/p>\n<p style=\"text-align: center;\">D\u00e9finition de nouveaux services innovants et mod\u00e8les \u00e9conomiques associ\u00e9s<\/p>\n<p>[\/et_pb_blurb][\/et_pb_column][\/et_pb_row][et_pb_row admin_label=\u00a0\u00bbrow\u00a0\u00bb _builder_version=\u00a0\u00bb3.0.51&Prime;][et_pb_column type=\u00a0\u00bb1_4&Prime;][et_pb_blurb admin_label=\u00a0\u00bbR\u00e9sum\u00e9\u00a0\u00bb icon_color=\u00a0\u00bb#085b38&Prime; image=\u00a0\u00bbhttp:\/\/www.edenwaygroup.com\/wp-content\/uploads\/2017\/07\/test-tube-experiment-1.png\u00a0\u00bb max_width=\u00a0\u00bb77px\u00a0\u00bb _builder_version=\u00a0\u00bb3.0.51&Prime; inline_fonts=\u00a0\u00bbUbuntu\u00a0\u00bb url_new_window=\u00a0\u00bboff\u00a0\u00bb use_icon=\u00a0\u00bboff\u00a0\u00bb use_circle=\u00a0\u00bboff\u00a0\u00bb use_circle_border=\u00a0\u00bboff\u00a0\u00bb icon_placement=\u00a0\u00bbtop\u00a0\u00bb use_icon_font_size=\u00a0\u00bboff\u00a0\u00bb background_layout=\u00a0\u00bblight\u00a0\u00bb border_style=\u00a0\u00bbsolid\u00a0\u00bb animation=\u00a0\u00bbtop\u00a0\u00bb]<\/p>\n<p style=\"text-align: center;\">D\u00e9veloppement de projets de R&amp;D au niveau r\u00e9gional, national et europ\u00e9en<\/p>\n<p>[\/et_pb_blurb][\/et_pb_column][et_pb_column type=\u00a0\u00bb1_4&Prime;][et_pb_blurb admin_label=\u00a0\u00bbR\u00e9sum\u00e9\u00a0\u00bb icon_color=\u00a0\u00bb#085b38&Prime; image=\u00a0\u00bbhttp:\/\/www.edenwaygroup.com\/wp-content\/uploads\/2017\/07\/smartphone-1.png\u00a0\u00bb max_width=\u00a0\u00bb80px\u00a0\u00bb _builder_version=\u00a0\u00bb3.0.51&Prime; inline_fonts=\u00a0\u00bbUbuntu\u00a0\u00bb url_new_window=\u00a0\u00bboff\u00a0\u00bb use_icon=\u00a0\u00bboff\u00a0\u00bb use_circle=\u00a0\u00bboff\u00a0\u00bb use_circle_border=\u00a0\u00bboff\u00a0\u00bb icon_placement=\u00a0\u00bbtop\u00a0\u00bb use_icon_font_size=\u00a0\u00bboff\u00a0\u00bb background_layout=\u00a0\u00bblight\u00a0\u00bb border_style=\u00a0\u00bbsolid\u00a0\u00bb animation=\u00a0\u00bbtop\u00a0\u00bb]<\/p>\n<p style=\"text-align: center;\">Transition Digitale appliqu\u00e9e \u00e0 la Mobilit\u00e9 et au Transport: Human Centered Data &amp; Mobility<\/p>\n<p>[\/et_pb_blurb][\/et_pb_column][et_pb_column type=\u00a0\u00bb1_4&Prime;][et_pb_blurb admin_label=\u00a0\u00bbR\u00e9sum\u00e9\u00a0\u00bb icon_color=\u00a0\u00bb#085b38&Prime; image=\u00a0\u00bbhttp:\/\/www.edenwaygroup.com\/wp-content\/uploads\/2017\/07\/speech-bubble.png\u00a0\u00bb max_width=\u00a0\u00bb90px\u00a0\u00bb _builder_version=\u00a0\u00bb3.0.51&Prime; custom_margin=\u00a0\u00bb|||\u00a0\u00bb inline_fonts=\u00a0\u00bbUbuntu\u00a0\u00bb url_new_window=\u00a0\u00bboff\u00a0\u00bb use_icon=\u00a0\u00bboff\u00a0\u00bb use_circle=\u00a0\u00bboff\u00a0\u00bb use_circle_border=\u00a0\u00bboff\u00a0\u00bb icon_placement=\u00a0\u00bbtop\u00a0\u00bb use_icon_font_size=\u00a0\u00bboff\u00a0\u00bb background_layout=\u00a0\u00bblight\u00a0\u00bb border_style=\u00a0\u00bbsolid\u00a0\u00bb animation=\u00a0\u00bbtop\u00a0\u00bb]<\/p>\n<p style=\"text-align: center;\">Audits et transformation de flottes publiques et priv\u00e9es<\/p>\n<p>[\/et_pb_blurb][\/et_pb_column][et_pb_column type=\u00a0\u00bb1_4&Prime;][et_pb_blurb admin_label=\u00a0\u00bbR\u00e9sum\u00e9\u00a0\u00bb icon_color=\u00a0\u00bb#085b38&Prime; image=\u00a0\u00bbhttp:\/\/www.edenwaygroup.com\/wp-content\/uploads\/2017\/07\/share.png\u00a0\u00bb max_width=\u00a0\u00bb85px\u00a0\u00bb _builder_version=\u00a0\u00bb3.0.51&Prime; inline_fonts=\u00a0\u00bbUbuntu\u00a0\u00bb url_new_window=\u00a0\u00bboff\u00a0\u00bb use_icon=\u00a0\u00bboff\u00a0\u00bb use_circle=\u00a0\u00bboff\u00a0\u00bb use_circle_border=\u00a0\u00bboff\u00a0\u00bb icon_placement=\u00a0\u00bbtop\u00a0\u00bb use_icon_font_size=\u00a0\u00bboff\u00a0\u00bb background_layout=\u00a0\u00bblight\u00a0\u00bb border_style=\u00a0\u00bbsolid\u00a0\u00bb animation=\u00a0\u00bbtop\u00a0\u00bb]<\/p>\n<p style=\"text-align: center;\">Formation, co-cr\u00e9ation, communication et networking<\/p>\n<p>[\/et_pb_blurb][\/et_pb_column][\/et_pb_row][\/et_pb_section][et_pb_section bb_built=\u00a0\u00bb1&Prime; admin_label=\u00a0\u00bbsection\u00a0\u00bb custom_padding=\u00a0\u00bb4px|0px|0px|0px\u00a0\u00bb _builder_version=\u00a0\u00bb3.0.51&Prime;][et_pb_row admin_label=\u00a0\u00bbrow\u00a0\u00bb custom_padding=\u00a0\u00bb2px|0px|27px|0px\u00a0\u00bb _builder_version=\u00a0\u00bb3.0.51&Prime;][et_pb_column type=\u00a0\u00bb4_4&Prime;][et_pb_text admin_label=\u00a0\u00bbTexte\u00a0\u00bb _builder_version=\u00a0\u00bb3.0.51&Prime;]<\/p>\n<h1 style=\"background-color: #ffffff; text-align: center;\"><span style=\"color: #135d41; font-family: Ubuntu;\"><span style=\"font-size: 32px;\"><b>NOS R\u00c9F\u00c9RENCES<\/b><\/span><\/span><\/h1>\n<p>[\/et_pb_text][et_pb_divider admin_label=\u00a0\u00bbS\u00e9parateur\u00a0\u00bb color=\u00a0\u00bb#eb8b2d\u00a0\u00bb show_divider=\u00a0\u00bbon\u00a0\u00bb divider_style=\u00a0\u00bbsolid\u00a0\u00bb divider_position=\u00a0\u00bbtop\u00a0\u00bb _builder_version=\u00a0\u00bb3.0.51&Prime; \/][\/et_pb_column][\/et_pb_row][\/et_pb_section][et_pb_section bb_built=\u00a0\u00bb1&Prime; admin_label=\u00a0\u00bbSection\u00a0\u00bb _builder_version=\u00a0\u00bb3.0.47&Prime;][et_pb_row admin_label=\u00a0\u00bbLigne\u00a0\u00bb _builder_version=\u00a0\u00bb3.0.47&Prime; background_size=\u00a0\u00bbinitial\u00a0\u00bb background_position=\u00a0\u00bbtop_left\u00a0\u00bb background_repeat=\u00a0\u00bbrepeat\u00a0\u00bb][et_pb_column type=\u00a0\u00bb1_2&Prime;][et_pb_image admin_label=\u00a0\u00bbImage\u00a0\u00bb src=\u00a0\u00bbhttp:\/\/www.edenwaygroup.com\/wp-content\/uploads\/2017\/06\/bicy-1.png\u00a0\u00bb _builder_version=\u00a0\u00bb3.0.51&Prime; show_in_lightbox=\u00a0\u00bboff\u00a0\u00bb url_new_window=\u00a0\u00bboff\u00a0\u00bb use_overlay=\u00a0\u00bboff\u00a0\u00bb sticky=\u00a0\u00bboff\u00a0\u00bb align=\u00a0\u00bbleft\u00a0\u00bb always_center_on_mobile=\u00a0\u00bbon\u00a0\u00bb border_style=\u00a0\u00bbsolid\u00a0\u00bb force_fullwidth=\u00a0\u00bboff\u00a0\u00bb \/][et_pb_text admin_label=\u00a0\u00bbTexte\u00a0\u00bb _builder_version=\u00a0\u00bb3.0.51&Prime;]<\/p>\n<h4 style=\"text-align: center;\"><strong>Exp\u00e9rience d\u2019incitation \u00e0 l\u2019utilisation de bicyclettes<\/strong><\/h4>\n<p>[\/et_pb_text][et_pb_tabs admin_label=\u00a0\u00bbOnglets\u00a0\u00bb active_tab_background_color=\u00a0\u00bb#0c5d35&Prime; inactive_tab_background_color=\u00a0\u00bb#eb8b2d\u00a0\u00bb _builder_version=\u00a0\u00bb3.0.51&Prime; tab_font_size=\u00a0\u00bb13px\u00a0\u00bb tab_text_color=\u00a0\u00bb#ffffff\u00a0\u00bb body_text_color=\u00a0\u00bbrgba(0,0,0,0.74)\u00a0\u00bb use_border_color=\u00a0\u00bbon\u00a0\u00bb]<\/p>\n<p>[et_pb_tab title=\u00a0\u00bbQui \u00a0\u00bb _builder_version=\u00a0\u00bb3.0.47&Prime; tab_font=\u00a0\u00bb||||\u00a0\u00bb tab_line_height=\u00a0\u00bb2em\u00a0\u00bb tab_line_height_tablet=\u00a0\u00bb2em\u00a0\u00bb tab_line_height_phone=\u00a0\u00bb2em\u00a0\u00bb body_font=\u00a0\u00bb||||\u00a0\u00bb body_line_height=\u00a0\u00bb2em\u00a0\u00bb body_line_height_tablet=\u00a0\u00bb2em\u00a0\u00bb body_line_height_phone=\u00a0\u00bb2em\u00a0\u00bb background_size=\u00a0\u00bbinitial\u00a0\u00bb background_position=\u00a0\u00bbtop_left\u00a0\u00bb background_repeat=\u00a0\u00bbrepeat\u00a0\u00bb]Certains bassins d\u2019emploi situ\u00e9s en p\u00e9riph\u00e9rie de l\u2019aire urbaine sont tr\u00e8s d\u00e9pendants de la voiture individuelle, et les mobilit\u00e9s douces ou alternatives y sont peu r\u00e9pandues.<\/p>\n<p>[\/et_pb_tab][et_pb_tab title=\u00a0\u00bbL&rsquo;Enjeu\u00a0\u00bb _builder_version=\u00a0\u00bb3.0.47&Prime; tab_font=\u00a0\u00bb||||\u00a0\u00bb tab_line_height=\u00a0\u00bb2em\u00a0\u00bb tab_line_height_tablet=\u00a0\u00bb2em\u00a0\u00bb tab_line_height_phone=\u00a0\u00bb2em\u00a0\u00bb body_font=\u00a0\u00bb||||\u00a0\u00bb body_line_height=\u00a0\u00bb2em\u00a0\u00bb body_line_height_tablet=\u00a0\u00bb2em\u00a0\u00bb body_line_height_phone=\u00a0\u00bb2em\u00a0\u00bb background_size=\u00a0\u00bbinitial\u00a0\u00bb background_position=\u00a0\u00bbtop_left\u00a0\u00bb background_repeat=\u00a0\u00bbrepeat\u00a0\u00bb]Certains bassins d\u2019emploi situ\u00e9s en p\u00e9riph\u00e9rie de l\u2019aire urbaine sont tr\u00e8s d\u00e9pendants de la voiture individuelle, et les mobilit\u00e9s douces ou alternatives y sont peu r\u00e9pandues.<\/p>\n<p>[\/et_pb_tab][et_pb_tab title=\u00a0\u00bbL&rsquo;apport Edenway\u00a0\u00bb _builder_version=\u00a0\u00bb3.0.47&Prime; tab_font=\u00a0\u00bb||||\u00a0\u00bb tab_line_height=\u00a0\u00bb2em\u00a0\u00bb tab_line_height_tablet=\u00a0\u00bb2em\u00a0\u00bb tab_line_height_phone=\u00a0\u00bb2em\u00a0\u00bb body_font=\u00a0\u00bb||||\u00a0\u00bb body_line_height=\u00a0\u00bb2em\u00a0\u00bb body_line_height_tablet=\u00a0\u00bb2em\u00a0\u00bb body_line_height_phone=\u00a0\u00bb2em\u00a0\u00bb background_size=\u00a0\u00bbinitial\u00a0\u00bb background_position=\u00a0\u00bbtop_left\u00a0\u00bb background_repeat=\u00a0\u00bbrepeat\u00a0\u00bb]Pour promouvoir l\u2019intermodalit\u00e9, Edenway a con\u00e7u et mis en \u0153uvre un projet de d\u00e9ploiement de bicyclettes traditionnelles et \u00e9lectriques dans une zone d\u2019activit\u00e9 p\u00e9riph\u00e9rique. Les travailleurs de la zone \u00e9t\u00e9 incit\u00e9s \u00e0 utiliser les bicyclettes mises \u00e0 leur disposition, alors que la politique de gestion des parkings de la zone \u00e9tait repens\u00e9e en parall\u00e8le.<\/p>\n<p>[\/et_pb_tab][et_pb_tab title=\u00a0\u00bbLes r\u00e9sultats \u00a0\u00bb _builder_version=\u00a0\u00bb3.0.47&Prime; tab_font=\u00a0\u00bb||||\u00a0\u00bb tab_line_height=\u00a0\u00bb2em\u00a0\u00bb tab_line_height_tablet=\u00a0\u00bb2em\u00a0\u00bb tab_line_height_phone=\u00a0\u00bb2em\u00a0\u00bb body_font=\u00a0\u00bb||||\u00a0\u00bb body_line_height=\u00a0\u00bb2em\u00a0\u00bb body_line_height_tablet=\u00a0\u00bb2em\u00a0\u00bb body_line_height_phone=\u00a0\u00bb2em\u00a0\u00bb background_size=\u00a0\u00bbinitial\u00a0\u00bb background_position=\u00a0\u00bbtop_left\u00a0\u00bb background_repeat=\u00a0\u00bbrepeat\u00a0\u00bb]Pr\u00e8s de 20% des travailleurs de cette zone ont choisi de recourir \u00e0 ce service.<\/p>\n<p>[\/et_pb_tab]<\/p>\n<p>[\/et_pb_tabs][\/et_pb_column][et_pb_column type=\u00a0\u00bb1_2&Prime;][et_pb_image admin_label=\u00a0\u00bbImage\u00a0\u00bb src=\u00a0\u00bbhttp:\/\/www.edenwaygroup.com\/wp-content\/uploads\/2017\/06\/live-1.png\u00a0\u00bb _builder_version=\u00a0\u00bb3.0.51&Prime; show_in_lightbox=\u00a0\u00bboff\u00a0\u00bb url_new_window=\u00a0\u00bboff\u00a0\u00bb use_overlay=\u00a0\u00bboff\u00a0\u00bb sticky=\u00a0\u00bboff\u00a0\u00bb align=\u00a0\u00bbleft\u00a0\u00bb always_center_on_mobile=\u00a0\u00bbon\u00a0\u00bb border_style=\u00a0\u00bbsolid\u00a0\u00bb force_fullwidth=\u00a0\u00bboff\u00a0\u00bb \/][et_pb_text admin_label=\u00a0\u00bbTexte\u00a0\u00bb _builder_version=\u00a0\u00bb3.0.51&Prime;]<\/p>\n<h4 style=\"text-align: center;\"><strong>Plateforme publique-priv\u00e9e pour la mobilit\u00e9 durable<br \/>\n<\/strong><\/h4>\n<p>[\/et_pb_text][et_pb_tabs admin_label=\u00a0\u00bbOnglets\u00a0\u00bb active_tab_background_color=\u00a0\u00bb#0c5d35&Prime; inactive_tab_background_color=\u00a0\u00bb#eb8b2d\u00a0\u00bb _builder_version=\u00a0\u00bb3.0.51&Prime; tab_font_size=\u00a0\u00bb13px\u00a0\u00bb tab_text_color=\u00a0\u00bb#ffffff\u00a0\u00bb body_text_color=\u00a0\u00bbrgba(0,0,0,0.74)\u00a0\u00bb use_border_color=\u00a0\u00bbon\u00a0\u00bb]<\/p>\n<p>[et_pb_tab title=\u00a0\u00bbQui \u00a0\u00bb _builder_version=\u00a0\u00bb3.0.47&Prime; tab_font=\u00a0\u00bb||||\u00a0\u00bb tab_line_height=\u00a0\u00bb2em\u00a0\u00bb tab_line_height_tablet=\u00a0\u00bb2em\u00a0\u00bb tab_line_height_phone=\u00a0\u00bb2em\u00a0\u00bb body_font=\u00a0\u00bb||||\u00a0\u00bb body_line_height=\u00a0\u00bb2em\u00a0\u00bb body_line_height_tablet=\u00a0\u00bb2em\u00a0\u00bb body_line_height_phone=\u00a0\u00bb2em\u00a0\u00bb background_size=\u00a0\u00bbinitial\u00a0\u00bb background_position=\u00a0\u00bbtop_left\u00a0\u00bb background_repeat=\u00a0\u00bbrepeat\u00a0\u00bb]Plateforme publique-priv\u00e9e pour la mobilit\u00e9 durable<\/p>\n<p>[\/et_pb_tab][et_pb_tab title=\u00a0\u00bbL&rsquo;Enjeu\u00a0\u00bb _builder_version=\u00a0\u00bb3.0.47&Prime; tab_font=\u00a0\u00bb||||\u00a0\u00bb tab_line_height=\u00a0\u00bb2em\u00a0\u00bb tab_line_height_tablet=\u00a0\u00bb2em\u00a0\u00bb tab_line_height_phone=\u00a0\u00bb2em\u00a0\u00bb body_font=\u00a0\u00bb||||\u00a0\u00bb body_line_height=\u00a0\u00bb2em\u00a0\u00bb body_line_height_tablet=\u00a0\u00bb2em\u00a0\u00bb body_line_height_phone=\u00a0\u00bb2em\u00a0\u00bb background_size=\u00a0\u00bbinitial\u00a0\u00bb background_position=\u00a0\u00bbtop_left\u00a0\u00bb background_repeat=\u00a0\u00bbrepeat\u00a0\u00bb]La mairie de Barcelone souhaitait soutenir le d\u00e9veloppement de la mobilit\u00e9 \u00e9lectrique naissante, et faire de cette opportunit\u00e9 un secteur d\u2019activit\u00e9 dynamique en Catalogne.<\/p>\n<p>[\/et_pb_tab][et_pb_tab title=\u00a0\u00bbL&rsquo;apport Edenway\u00a0\u00bb _builder_version=\u00a0\u00bb3.0.47&Prime; tab_font=\u00a0\u00bb||||\u00a0\u00bb tab_line_height=\u00a0\u00bb2em\u00a0\u00bb tab_line_height_tablet=\u00a0\u00bb2em\u00a0\u00bb tab_line_height_phone=\u00a0\u00bb2em\u00a0\u00bb body_font=\u00a0\u00bb||||\u00a0\u00bb body_line_height=\u00a0\u00bb2em\u00a0\u00bb body_line_height_tablet=\u00a0\u00bb2em\u00a0\u00bb body_line_height_phone=\u00a0\u00bb2em\u00a0\u00bb background_size=\u00a0\u00bbinitial\u00a0\u00bb background_position=\u00a0\u00bbtop_left\u00a0\u00bb background_repeat=\u00a0\u00bbrepeat\u00a0\u00bb]Edenway a accompagn\u00e9 la mairie de Barcelone \u00e0 identifier les acteurs et opportunit\u00e9s de ce secteur. Il l\u2019a aid\u00e9 \u00e0 mettre en place la plateforme publique-priv\u00e9e LIVE, \u00e0 recruter ses membres et d\u00e9finir sa strat\u00e9gie et son plan d\u2019action. Il assure depuis 2010 la coordination et le secr\u00e9tariat technique de cette plateforme.<\/p>\n<p>[\/et_pb_tab][et_pb_tab title=\u00a0\u00bbLes r\u00e9sultats \u00a0\u00bb _builder_version=\u00a0\u00bb3.0.47&Prime; tab_font=\u00a0\u00bb||||\u00a0\u00bb tab_line_height=\u00a0\u00bb2em\u00a0\u00bb tab_line_height_tablet=\u00a0\u00bb2em\u00a0\u00bb tab_line_height_phone=\u00a0\u00bb2em\u00a0\u00bb body_font=\u00a0\u00bb||||\u00a0\u00bb body_line_height=\u00a0\u00bb2em\u00a0\u00bb body_line_height_tablet=\u00a0\u00bb2em\u00a0\u00bb body_line_height_phone=\u00a0\u00bb2em\u00a0\u00bb background_size=\u00a0\u00bbinitial\u00a0\u00bb background_position=\u00a0\u00bbtop_left\u00a0\u00bb background_repeat=\u00a0\u00bbrepeat\u00a0\u00bb]La plateforme LIVE compte aujourd\u2019hui 11 membres directeurs, 21 membres collaborateurs et 5 entit\u00e9s associ\u00e9es. Elle est \u00e0 l\u2019origine d\u2019une dynamique dont les indicateurs pourraient \u00eatre\u00a0: les 1 000 bornes de chargement \u00e9lectrique que compte la Catalogne, les 4 500 v\u00e9hicules \u00e9lectriques immatricul\u00e9s en Catalogne, les 300 millions d\u2019euros investis dans ce secteur depuis 2013, ou encore les 50 projets d\u2019\u00e9lectrification des flottes men\u00e9s par la plateforme.<\/p>\n<p>[\/et_pb_tab]<\/p>\n<p>[\/et_pb_tabs][\/et_pb_column][\/et_pb_row][\/et_pb_section][et_pb_section bb_built=\u00a0\u00bb1&Prime; admin_label=\u00a0\u00bbSection\u00a0\u00bb _builder_version=\u00a0\u00bb3.0.47&Prime;][et_pb_row admin_label=\u00a0\u00bbLigne\u00a0\u00bb _builder_version=\u00a0\u00bb3.0.47&Prime; background_size=\u00a0\u00bbinitial\u00a0\u00bb background_position=\u00a0\u00bbtop_left\u00a0\u00bb background_repeat=\u00a0\u00bbrepeat\u00a0\u00bb][et_pb_column type=\u00a0\u00bb1_2&Prime;][et_pb_image admin_label=\u00a0\u00bbImage\u00a0\u00bb src=\u00a0\u00bbhttp:\/\/www.edenwaygroup.com\/wp-content\/uploads\/2017\/06\/mob.jpg\u00a0\u00bb _builder_version=\u00a0\u00bb3.0.51&Prime; show_in_lightbox=\u00a0\u00bboff\u00a0\u00bb url_new_window=\u00a0\u00bboff\u00a0\u00bb use_overlay=\u00a0\u00bboff\u00a0\u00bb sticky=\u00a0\u00bboff\u00a0\u00bb align=\u00a0\u00bbleft\u00a0\u00bb always_center_on_mobile=\u00a0\u00bbon\u00a0\u00bb border_style=\u00a0\u00bbsolid\u00a0\u00bb force_fullwidth=\u00a0\u00bboff\u00a0\u00bb \/][et_pb_text admin_label=\u00a0\u00bbTexte\u00a0\u00bb _builder_version=\u00a0\u00bb3.0.51&Prime;]<\/p>\n<h4 style=\"text-align: center;\"><strong>Imaginer la mobilit\u00e9 du futur<br \/>\n<\/strong><\/h4>\n<p>[\/et_pb_text][et_pb_tabs admin_label=\u00a0\u00bbOnglets\u00a0\u00bb active_tab_background_color=\u00a0\u00bb#0c5d35&Prime; inactive_tab_background_color=\u00a0\u00bb#eb8b2d\u00a0\u00bb _builder_version=\u00a0\u00bb3.0.51&Prime; tab_font_size=\u00a0\u00bb13px\u00a0\u00bb tab_text_color=\u00a0\u00bb#ffffff\u00a0\u00bb body_text_color=\u00a0\u00bbrgba(0,0,0,0.74)\u00a0\u00bb use_border_color=\u00a0\u00bbon\u00a0\u00bb]<\/p>\n<p>[et_pb_tab title=\u00a0\u00bbQui \u00a0\u00bb _builder_version=\u00a0\u00bb3.0.47&Prime; tab_font=\u00a0\u00bb||||\u00a0\u00bb tab_line_height=\u00a0\u00bb2em\u00a0\u00bb tab_line_height_tablet=\u00a0\u00bb2em\u00a0\u00bb tab_line_height_phone=\u00a0\u00bb2em\u00a0\u00bb body_font=\u00a0\u00bb||||\u00a0\u00bb body_line_height=\u00a0\u00bb2em\u00a0\u00bb body_line_height_tablet=\u00a0\u00bb2em\u00a0\u00bb body_line_height_phone=\u00a0\u00bb2em\u00a0\u00bb background_size=\u00a0\u00bbinitial\u00a0\u00bb background_position=\u00a0\u00bbtop_left\u00a0\u00bb background_repeat=\u00a0\u00bbrepeat\u00a0\u00bb]Le d\u00e9partement d\u2019innovation du constructeur automobile SEAT.<\/p>\n<p>[\/et_pb_tab][et_pb_tab title=\u00a0\u00bbL&rsquo;Enjeu\u00a0\u00bb _builder_version=\u00a0\u00bb3.0.47&Prime; tab_font=\u00a0\u00bb||||\u00a0\u00bb tab_line_height=\u00a0\u00bb2em\u00a0\u00bb tab_line_height_tablet=\u00a0\u00bb2em\u00a0\u00bb tab_line_height_phone=\u00a0\u00bb2em\u00a0\u00bb body_font=\u00a0\u00bb||||\u00a0\u00bb body_line_height=\u00a0\u00bb2em\u00a0\u00bb body_line_height_tablet=\u00a0\u00bb2em\u00a0\u00bb body_line_height_phone=\u00a0\u00bb2em\u00a0\u00bb background_size=\u00a0\u00bbinitial\u00a0\u00bb background_position=\u00a0\u00bbtop_left\u00a0\u00bb background_repeat=\u00a0\u00bbrepeat\u00a0\u00bb]<\/p>\n<p>Edenway assure un support technique \u00e0 SEAT en mettant \u00e0 disposition 3 de ses ing\u00e9nieurs pour d\u00e9velopper les services suivants\u00a0:<\/p>\n<p>-Le d\u00e9veloppement d\u2019une application mobile permettant de trouver des places de parking disponibles en temps r\u00e9el.<\/p>\n<p>-Le d\u00e9veloppement d\u2019une application de \u00ab\u00a0carsharing\u00a0\u00bb interne, permettant la location de voiture comme le covoiturage.<\/p>\n<p>Edenway est sollicit\u00e9 par ailleurs pour l\u2019organisation d\u2019\u00e9v\u00e8nements, et la r\u00e9alisation d\u2019\u00e9tudes de benchmarks (scouting et screening) investiguant de nouveaux concepts de mobilit\u00e9.<\/p>\n<p>[\/et_pb_tab][et_pb_tab title=\u00a0\u00bbL&rsquo;apport Edenway\u00a0\u00bb _builder_version=\u00a0\u00bb3.0.47&Prime; tab_font=\u00a0\u00bb||||\u00a0\u00bb tab_line_height=\u00a0\u00bb2em\u00a0\u00bb tab_line_height_tablet=\u00a0\u00bb2em\u00a0\u00bb tab_line_height_phone=\u00a0\u00bb2em\u00a0\u00bb body_font=\u00a0\u00bb||||\u00a0\u00bb body_line_height=\u00a0\u00bb2em\u00a0\u00bb body_line_height_tablet=\u00a0\u00bb2em\u00a0\u00bb body_line_height_phone=\u00a0\u00bb2em\u00a0\u00bb background_size=\u00a0\u00bbinitial\u00a0\u00bb background_position=\u00a0\u00bbtop_left\u00a0\u00bb background_repeat=\u00a0\u00bbrepeat\u00a0\u00bb]Pour promouvoir l\u2019intermodalit\u00e9, Edenway a con\u00e7u et mis en \u0153uvre un projet de d\u00e9ploiement de bicyclettes traditionnelles et \u00e9lectriques dans une zone d\u2019activit\u00e9 p\u00e9riph\u00e9rique. Les travailleurs de la zone \u00e9t\u00e9 incit\u00e9s \u00e0 utiliser les bicyclettes mises \u00e0 leur disposition, alors que la politique de gestion des parkings de la zone \u00e9tait repens\u00e9e en parall\u00e8le.<\/p>\n<p>[\/et_pb_tab][et_pb_tab title=\u00a0\u00bbLes r\u00e9sultats \u00a0\u00bb _builder_version=\u00a0\u00bb3.0.47&Prime; tab_font=\u00a0\u00bb||||\u00a0\u00bb tab_line_height=\u00a0\u00bb2em\u00a0\u00bb tab_line_height_tablet=\u00a0\u00bb2em\u00a0\u00bb tab_line_height_phone=\u00a0\u00bb2em\u00a0\u00bb body_font=\u00a0\u00bb||||\u00a0\u00bb body_line_height=\u00a0\u00bb2em\u00a0\u00bb body_line_height_tablet=\u00a0\u00bb2em\u00a0\u00bb body_line_height_phone=\u00a0\u00bb2em\u00a0\u00bb background_size=\u00a0\u00bbinitial\u00a0\u00bb background_position=\u00a0\u00bbtop_left\u00a0\u00bb background_repeat=\u00a0\u00bbrepeat\u00a0\u00bb]Plusieurs prototypes d\u2019application ont \u00e9t\u00e9 r\u00e9alis\u00e9s. Les \u00e9tudes fournies permettent au constructeur de comprendre les tendances du march\u00e9, telles les v\u00e9hicules connect\u00e9s.<\/p>\n<p>[\/et_pb_tab]<\/p>\n<p>[\/et_pb_tabs][\/et_pb_column][et_pb_column type=\u00a0\u00bb1_2&Prime;][et_pb_image admin_label=\u00a0\u00bbImage\u00a0\u00bb src=\u00a0\u00bbhttp:\/\/www.edenwaygroup.com\/wp-content\/uploads\/2017\/06\/mobe.png\u00a0\u00bb _builder_version=\u00a0\u00bb3.0.51&Prime; show_in_lightbox=\u00a0\u00bboff\u00a0\u00bb url_new_window=\u00a0\u00bboff\u00a0\u00bb use_overlay=\u00a0\u00bboff\u00a0\u00bb sticky=\u00a0\u00bboff\u00a0\u00bb align=\u00a0\u00bbleft\u00a0\u00bb always_center_on_mobile=\u00a0\u00bbon\u00a0\u00bb border_style=\u00a0\u00bbsolid\u00a0\u00bb force_fullwidth=\u00a0\u00bboff\u00a0\u00bb \/][et_pb_text admin_label=\u00a0\u00bbTexte\u00a0\u00bb _builder_version=\u00a0\u00bb3.0.51&Prime;]<\/p>\n<h4 style=\"text-align: center;\"><strong>D\u00e9ploiement de la mobilit\u00e9 \u00e9lectrique urbaine<br \/>\n<\/strong><\/h4>\n<p>[\/et_pb_text][et_pb_tabs admin_label=\u00a0\u00bbOnglets\u00a0\u00bb active_tab_background_color=\u00a0\u00bb#0c5d35&Prime; inactive_tab_background_color=\u00a0\u00bb#eb8b2d\u00a0\u00bb _builder_version=\u00a0\u00bb3.0.51&Prime; tab_font_size=\u00a0\u00bb13px\u00a0\u00bb tab_text_color=\u00a0\u00bb#ffffff\u00a0\u00bb body_text_color=\u00a0\u00bbrgba(0,0,0,0.74)\u00a0\u00bb use_border_color=\u00a0\u00bbon\u00a0\u00bb]<\/p>\n<p>[et_pb_tab title=\u00a0\u00bbQui \u00a0\u00bb _builder_version=\u00a0\u00bb3.0.47&Prime; tab_font=\u00a0\u00bb||||\u00a0\u00bb tab_line_height=\u00a0\u00bb2em\u00a0\u00bb tab_line_height_tablet=\u00a0\u00bb2em\u00a0\u00bb tab_line_height_phone=\u00a0\u00bb2em\u00a0\u00bb body_font=\u00a0\u00bb||||\u00a0\u00bb body_line_height=\u00a0\u00bb2em\u00a0\u00bb body_line_height_tablet=\u00a0\u00bb2em\u00a0\u00bb body_line_height_phone=\u00a0\u00bb2em\u00a0\u00bb background_size=\u00a0\u00bbinitial\u00a0\u00bb background_position=\u00a0\u00bbtop_left\u00a0\u00bb background_repeat=\u00a0\u00bbrepeat\u00a0\u00bb]La mairie de Donostia-Saint-S\u00e9bastien<\/p>\n<p>[\/et_pb_tab][et_pb_tab title=\u00a0\u00bbL&rsquo;Enjeu\u00a0\u00bb _builder_version=\u00a0\u00bb3.0.47&Prime; tab_font=\u00a0\u00bb||||\u00a0\u00bb tab_line_height=\u00a0\u00bb2em\u00a0\u00bb tab_line_height_tablet=\u00a0\u00bb2em\u00a0\u00bb tab_line_height_phone=\u00a0\u00bb2em\u00a0\u00bb body_font=\u00a0\u00bb||||\u00a0\u00bb body_line_height=\u00a0\u00bb2em\u00a0\u00bb body_line_height_tablet=\u00a0\u00bb2em\u00a0\u00bb body_line_height_phone=\u00a0\u00bb2em\u00a0\u00bb background_size=\u00a0\u00bbinitial\u00a0\u00bb background_position=\u00a0\u00bbtop_left\u00a0\u00bb background_repeat=\u00a0\u00bbrepeat\u00a0\u00bb]Dans le cadre du projet europ\u00e9en REPLICATE auquel elle participe aux c\u00f4t\u00e9s de Bristol et Florence, la ville de Saint S\u00e9bastien doit d\u00e9finir une strat\u00e9gie de promotion de la mobilit\u00e9 \u00e9lectrique sur son territoire.<\/p>\n<p>[\/et_pb_tab][et_pb_tab title=\u00a0\u00bbL&rsquo;apport Edenway\u00a0\u00bb _builder_version=\u00a0\u00bb3.0.47&Prime; tab_font=\u00a0\u00bb||||\u00a0\u00bb tab_line_height=\u00a0\u00bb2em\u00a0\u00bb tab_line_height_tablet=\u00a0\u00bb2em\u00a0\u00bb tab_line_height_phone=\u00a0\u00bb2em\u00a0\u00bb body_font=\u00a0\u00bb||||\u00a0\u00bb body_line_height=\u00a0\u00bb2em\u00a0\u00bb body_line_height_tablet=\u00a0\u00bb2em\u00a0\u00bb body_line_height_phone=\u00a0\u00bb2em\u00a0\u00bb background_size=\u00a0\u00bbinitial\u00a0\u00bb background_position=\u00a0\u00bbtop_left\u00a0\u00bb background_repeat=\u00a0\u00bbrepeat\u00a0\u00bb]<\/p>\n<p>Edenway est intervenu en appui technique \u00e0 la municipalit\u00e9, en l\u2019aidant \u00e0 d\u00e9finir sa strat\u00e9gie de mobilit\u00e9 \u00e9lectrique, et \u00e0 la d\u00e9cliner en actions concr\u00e8tes\u00a0:<\/p>\n<p>-D\u00e9finition et dessin du r\u00e9seau de bornes de chargement rapide,<\/p>\n<p>-Orientation des incitations \u00e0 l\u2019utilisation du v\u00e9hicule \u00e9lectrique,<\/p>\n<p>-Animation d\u2019un benchmarking europ\u00e9en et de sessions d\u2019\u00e9change avec d\u2019autres villes europ\u00e9ennes.<\/p>\n<p>[\/et_pb_tab][et_pb_tab title=\u00a0\u00bbLes r\u00e9sultats \u00a0\u00bb _builder_version=\u00a0\u00bb3.0.47&Prime; tab_font=\u00a0\u00bb||||\u00a0\u00bb tab_line_height=\u00a0\u00bb2em\u00a0\u00bb tab_line_height_tablet=\u00a0\u00bb2em\u00a0\u00bb tab_line_height_phone=\u00a0\u00bb2em\u00a0\u00bb body_font=\u00a0\u00bb||||\u00a0\u00bb body_line_height=\u00a0\u00bb2em\u00a0\u00bb body_line_height_tablet=\u00a0\u00bb2em\u00a0\u00bb body_line_height_phone=\u00a0\u00bb2em\u00a0\u00bb background_size=\u00a0\u00bbinitial\u00a0\u00bb background_position=\u00a0\u00bbtop_left\u00a0\u00bb background_repeat=\u00a0\u00bbrepeat\u00a0\u00bb]Un accord a \u00e9t\u00e9 obtenu avec les parties prenantes sur les crit\u00e8res, conditions techniques, et outils du d\u00e9ploiement du projet dans la ville.<\/p>\n<p>[\/et_pb_tab]<\/p>\n<p>[\/et_pb_tabs][\/et_pb_column][\/et_pb_row][\/et_pb_section]<\/p>\n","protected":false},"excerpt":{"rendered":"<p>[et_pb_section bb_built=\u00a0\u00bb1&Prime; admin_label=\u00a0\u00bbSection\u00a0\u00bb background_color=\u00a0\u00bb#0c5d35&Prime; custom_padding=\u00a0\u00bb8px|0px|4px|0px\u00a0\u00bb _builder_version=\u00a0\u00bb3.0.51&Prime;][et_pb_row admin_label=\u00a0\u00bbLigne\u00a0\u00bb _builder_version=\u00a0\u00bb3.0.47&Prime; background_size=\u00a0\u00bbinitial\u00a0\u00bb background_position=\u00a0\u00bbtop_left\u00a0\u00bb background_repeat=\u00a0\u00bbrepeat\u00a0\u00bb][et_pb_column type=\u00a0\u00bb4_4&Prime;][et_pb_text admin_label=\u00a0\u00bbTexte\u00a0\u00bb _builder_version=\u00a0\u00bb3.0.51&Prime;] MOBILIT\u00c9 ET TRANSPORT DURABLE [\/et_pb_text][\/et_pb_column][\/et_pb_row][\/et_pb_section][et_pb_section bb_built=\u00a0\u00bb1&Prime; admin_label=\u00a0\u00bbsection\u00a0\u00bb custom_padding=\u00a0\u00bb46px|0px|0px|0px\u00a0\u00bb _builder_version=\u00a0\u00bb3.0.47&Prime;][et_pb_row admin_label=\u00a0\u00bbrow\u00a0\u00bb _builder_version=\u00a0\u00bb3.0.51&Prime;][et_pb_column type=\u00a0\u00bb4_4&Prime;][et_pb_text admin_label=\u00a0\u00bbTexte\u00a0\u00bb _builder_version=\u00a0\u00bb3.0.51&Prime;] Edenway agit en catalyseur et support technique dans la d\u00e9finition et mise en \u0153uvre de projets visant \u00e0 d\u00e9velopper la mobilit\u00e9 durable, et notamment via : [\/et_pb_text][\/et_pb_column][\/et_pb_row][\/et_pb_section][et_pb_section [&hellip;]<\/p>\n","protected":false},"author":1,"featured_media":0,"parent":244,"menu_order":0,"comment_status":"closed","ping_status":"closed","template":"","meta":{"_et_pb_use_builder":"on","_et_pb_old_content":"","_et_gb_content_width":"","footnotes":""},"class_list":["post-273","page","type-page","status-publish","hentry"],"_links":{"self":[{"href":"http:\/\/www.edenwaygroup.com\/fr\/wp-json\/wp\/v2\/pages\/273","targetHints":{"allow":["GET"]}}],"collection":[{"href":"http:\/\/www.edenwaygroup.com\/fr\/wp-json\/wp\/v2\/pages"}],"about":[{"href":"http:\/\/www.edenwaygroup.com\/fr\/wp-json\/wp\/v2\/types\/page"}],"author":[{"embeddable":true,"href":"http:\/\/www.edenwaygroup.com\/fr\/wp-json\/wp\/v2\/users\/1"}],"replies":[{"embeddable":true,"href":"http:\/\/www.edenwaygroup.com\/fr\/wp-json\/wp\/v2\/comments?post=273"}],"version-history":[{"count":0,"href":"http:\/\/www.edenwaygroup.com\/fr\/wp-json\/wp\/v2\/pages\/273\/revisions"}],"up":[{"embeddable":true,"href":"http:\/\/www.edenwaygroup.com\/fr\/wp-json\/wp\/v2\/pages\/244"}],"wp:attachment":[{"href":"http:\/\/www.edenwaygroup.com\/fr\/wp-json\/wp\/v2\/media?parent=273"}],"curies":[{"name":"wp","href":"https:\/\/api.w.org\/{rel}","templated":true}]}}